{"id":2843,"date":"2020-01-20T14:21:21","date_gmt":"2020-01-20T13:21:21","guid":{"rendered":"http:\/\/www.hotelcapodistella.it\/camere\/"},"modified":"2025-05-30T10:33:25","modified_gmt":"2025-05-30T08:33:25","slug":"zimmer","status":"publish","type":"page","link":"https:\/\/www.hotelcapodistella.it\/de\/zimmer\/","title":{"rendered":"Zimmer"},"content":{"rendered":"<div class=\"wpb-content-wrapper\"><p>[vc_row full_width=&#8220;stretch_row_content_no_spaces&#8220;][vc_column][vc_single_image image=&#8220;3579&#8243; img_size=&#8220;full&#8220; alignment=&#8220;center&#8220;][\/vc_column][\/vc_row][vc_row][vc_column][vc_widget_sidebar sidebar_id=&#8220;zante_default_sidebar&#8220;][\/vc_column][\/vc_row][vc_row full_width=&#8220;stretch_row&#8220; css=&#8220;.vc_custom_1592812771020{padding-top: 20px !important;}&#8220;][vc_column]\t\t\t<div\r\n\t\t\t\tclass=\"main_title  text-left  mt_wave\">\r\n\t\t\t\t<h2 class=\"title\">Das Hotel besteht aus 34 Zimmern mit unterschiedlichen Kategorien<\/h2>\r\n\t\t\t\t\t\t\t<\/div>\r\n\t\t[vc_column_text css=&#8220;.vc_custom_1719828473622{margin-top: -30px !important;}&#8220;]Alle Zimmer besitzen privates Badezimmer, Haartrockner, Smart Tv, kleiner K\u00fchlschrank (die F\u00fcllung erfolgt nur auf Wunsch des Gastes), Klimaanlage und kostenloses WLAN.<\/p>\n<p>Die Zimmer der Typologie Superior\/Classic (Doppel- oder Dreibett Zimmer) sind ger\u00e4umiger und befinden sich im Zentralbau des Hotels, die Standard Zimmer sind Doppelzimmer (etwas kleiner als die Classic), ebenfalls im Zentralbau des Hotels oder Familienzimmer( bis zu 6 Schlafpl\u00e4tzen) entlang eines panoramischen Weges der bis zum Restaurant f\u00fchrt.<\/p>\n<p>Alle Zimmer blicken zum Meer.[\/vc_column_text][\/vc_column][\/vc_row][vc_row][vc_column]\t\t\t<div\r\n\t\t\t\tclass=\"main_title  text-center  \">\r\n\t\t\t\t<h2 class=\"title\">Typologie<\/h2>\r\n\t\t\t\t\t\t\t<\/div>\r\n\t\t[\/vc_column][\/vc_row][vc_row][vc_column][vc_column_text]<\/p>\n<h3>Standard Zimmer<\/h3>\n<p>[\/vc_column_text][vc_column_text]Die Standardzimmer sind etwas kleinere Doppelzimmer und haben keinen Balkon jedoch Meersicht mit Blick auf den Margidorestrand.<\/p>\n<p>Aufgrund dessen bieten wir g\u00fcnstigere Tarife f\u00fcr diese Zimmerkategorie an. Nur ein Zimmer hat ein Bidet im Badezimmer.[\/vc_column_text][\/vc_column][\/vc_row][vc_row][vc_column width=&#8220;1\/3&#8243;][vc_row_inner][vc_column_inner width=&#8220;1\/2&#8243;][vc_icon icon_fontawesome=&#8220;fas fa-users&#8220; align=&#8220;center&#8220; css=&#8220;.vc_custom_1579530944918{margin-bottom: 0px !important;}&#8220;][vc_column_text css=&#8220;.vc_custom_1579587980849{margin-bottom: 0px !important;}&#8220;]<\/p>\n<p style=\"text-align: center;\">2 pax<\/p>\n<p>[\/vc_column_text][\/vc_column_inner][vc_column_inner width=&#8220;1\/2&#8243;][vc_icon icon_fontawesome=&#8220;fas fa-bed&#8220; align=&#8220;center&#8220; css=&#8220;.vc_custom_1579530964705{margin-bottom: 0px !important;}&#8220;][vc_column_text css=&#8220;.vc_custom_1584603966102{margin-bottom: 0px !important;}&#8220;]<\/p>\n<p style=\"text-align: center;\">1 Doppelbett oder 2 Einzelbetten<\/p>\n<p>[\/vc_column_text][\/vc_column_inner][\/vc_row_inner][vc_empty_space height=&#8220;30px&#8220;][vc_column_text css=&#8220;.vc_custom_1719828340778{padding-top: 10px !important;padding-right: 10px !important;padding-bottom: 10px !important;padding-left: 10px !important;background-color: #f9f9f9 !important;}&#8220;]<\/p>\n<p style=\"text-align: center;\"><strong>Ausstattung<\/strong><\/p>\n<ul>\n<li>WiFi<\/li>\n<li>Privates Bad mit Haartrockner<\/li>\n<li>Klimaanlage<\/li>\n<li>Smart Tv<\/li>\n<li>Minibar<\/li>\n<li>Minisafe<\/li>\n<\/ul>\n<p>[\/vc_column_text][\/vc_column][vc_column width=&#8220;2\/3&#8243;][vc_images_carousel images=&#8220;3234,3226,3230,3222,2245&#8243; img_size=&#8220;750&#215;500&#8243; onclick=&#8220;link_no&#8220; autoplay=&#8220;yes&#8220; hide_pagination_control=&#8220;yes&#8220;][\/vc_column][\/vc_row][vc_row][vc_column][vc_separator][\/vc_column][\/vc_row][vc_row][vc_column][vc_column_text]<\/p>\n<h3>Klassik Doppelzimmer<\/h3>\n<p>Doppelzimmer auf den beiden Innenetagen angeordnet und alle mit einer kleinen Terrasse mit Meerblick ausgestattet.[\/vc_column_text][\/vc_column][\/vc_row][vc_row][vc_column width=&#8220;1\/3&#8243;][vc_row_inner css=&#8220;.vc_custom_1579531308990{padding-bottom: 10px !important;}&#8220;][vc_column_inner width=&#8220;1\/2&#8243;][vc_icon icon_fontawesome=&#8220;fas fa-users&#8220; align=&#8220;center&#8220; css=&#8220;.vc_custom_1579531000507{margin-bottom: 0px !important;}&#8220;][vc_column_text css=&#8220;.vc_custom_1580807683081{margin-bottom: 0px !important;}&#8220;]<\/p>\n<p style=\"text-align: center;\">2 pax<\/p>\n<p>[\/vc_column_text][\/vc_column_inner][vc_column_inner width=&#8220;1\/2&#8243;][vc_icon icon_fontawesome=&#8220;fas fa-bed&#8220; align=&#8220;center&#8220; css=&#8220;.vc_custom_1579531004891{margin-bottom: 0px !important;}&#8220;][vc_column_text css=&#8220;.vc_custom_1584604109958{margin-bottom: 0px !important;}&#8220;]<\/p>\n<p style=\"text-align: center;\">1 Doppelbett oder 2 Einzelbetten, plus 1 Zustellbett optional<\/p>\n<p>[\/vc_column_text][\/vc_column_inner][\/vc_row_inner][vc_empty_space height=&#8220;30px&#8220;][vc_column_text css=&#8220;.vc_custom_1719828348698{padding-top: 10px !important;padding-right: 10px !important;padding-bottom: 10px !important;padding-left: 10px !important;background-color: #f9f9f9 !important;}&#8220;]<\/p>\n<p style=\"text-align: center;\"><strong>Ausstattung<\/strong><\/p>\n<ul>\n<li>WiFi<\/li>\n<li>Privates Bad mit Haartrockner<\/li>\n<li>Klimaanlage<\/li>\n<li>Smart Tv<\/li>\n<li>Minibar<\/li>\n<li>Minisafe<\/li>\n<li>Balkon mit Sicht aufs Meer<\/li>\n<\/ul>\n<p>[\/vc_column_text][\/vc_column][vc_column width=&#8220;2\/3&#8243;][vc_images_carousel images=&#8220;3242,3246,3250,3254,2324&#8243; img_size=&#8220;750&#215;500&#8243; onclick=&#8220;link_no&#8220; autoplay=&#8220;yes&#8220; hide_pagination_control=&#8220;yes&#8220;][\/vc_column][\/vc_row][vc_row][vc_column][vc_separator][\/vc_column][\/vc_row][vc_row][vc_column][vc_column_text]<\/p>\n<h3>Dreibettzimmer<\/h3>\n<p>Die Zimmer haben ein Doppelbett und ein Einzelbett am Eingang, alle mit einer kleinen Terrasse mit Meerblick.<br \/>\nDie Zimmer haben kein Bidet.[\/vc_column_text][\/vc_column][\/vc_row][vc_row][vc_column width=&#8220;1\/3&#8243;][vc_row_inner css=&#8220;.vc_custom_1579531308990{padding-bottom: 10px !important;}&#8220;][vc_column_inner width=&#8220;1\/2&#8243;][vc_icon icon_fontawesome=&#8220;fas fa-users&#8220; align=&#8220;center&#8220; css=&#8220;.vc_custom_1579531000507{margin-bottom: 0px !important;}&#8220;][vc_column_text css=&#8220;.vc_custom_1579588304783{margin-bottom: 0px !important;}&#8220;]<\/p>\n<p style=\"text-align: center;\">3 pax<\/p>\n<p>[\/vc_column_text][\/vc_column_inner][vc_column_inner width=&#8220;1\/2&#8243;][vc_icon icon_fontawesome=&#8220;fas fa-bed&#8220; align=&#8220;center&#8220; css=&#8220;.vc_custom_1579531004891{margin-bottom: 0px !important;}&#8220;][vc_column_text css=&#8220;.vc_custom_1584605086637{margin-bottom: 0px !important;}&#8220;]<\/p>\n<p style=\"text-align: center;\">1 Doppelzimmer und 1 Einzelzimmer (es kann Kinderbett hinzugef\u00fcgt werden)<\/p>\n<p>[\/vc_column_text][\/vc_column_inner][\/vc_row_inner][vc_empty_space height=&#8220;30px&#8220;][vc_column_text css=&#8220;.vc_custom_1719828357272{padding-top: 10px !important;padding-right: 10px !important;padding-bottom: 10px !important;padding-left: 10px !important;background-color: #f9f9f9 !important;}&#8220;]<\/p>\n<p style=\"text-align: center;\"><strong>Ausstattung<\/strong><\/p>\n<ul>\n<li>WiFi<\/li>\n<li>Privates Bad mit Haartrockner<\/li>\n<li>Klimaanlage<\/li>\n<li>Smart Tv<\/li>\n<li>Minibar<\/li>\n<li>Minisafe<\/li>\n<li>Aussen Raum<\/li>\n<\/ul>\n<p>[\/vc_column_text][\/vc_column][vc_column width=&#8220;2\/3&#8243;][vc_images_carousel images=&#8220;2330,2331,2332,2333,2334,2335,2336&#8243; img_size=&#8220;750&#215;500&#8243; onclick=&#8220;link_no&#8220; autoplay=&#8220;yes&#8220; hide_pagination_control=&#8220;yes&#8220;][\/vc_column][\/vc_row][vc_row][vc_column][vc_separator][\/vc_column][\/vc_row][vc_row][vc_column][vc_column_text]<\/p>\n<h3>Vierbett Zimmer<\/h3>\n<p>Gro\u00dfes Zimmer mit Doppelbett und zwei Einzelbetten.[\/vc_column_text][\/vc_column][\/vc_row][vc_row][vc_column width=&#8220;1\/3&#8243;][vc_row_inner css=&#8220;.vc_custom_1579531308990{padding-bottom: 10px !important;}&#8220;][vc_column_inner width=&#8220;1\/2&#8243;][vc_icon icon_fontawesome=&#8220;fas fa-users&#8220; align=&#8220;center&#8220; css=&#8220;.vc_custom_1579531000507{margin-bottom: 0px !important;}&#8220;][vc_column_text css=&#8220;.vc_custom_1584547839390{margin-bottom: 0px !important;}&#8220;]<\/p>\n<p style=\"text-align: center;\">4 pax<\/p>\n<p>[\/vc_column_text][\/vc_column_inner][vc_column_inner width=&#8220;1\/2&#8243;][vc_icon icon_fontawesome=&#8220;fas fa-bed&#8220; align=&#8220;center&#8220; css=&#8220;.vc_custom_1579531004891{margin-bottom: 0px !important;}&#8220;][vc_column_text css=&#8220;.vc_custom_1584605278934{margin-bottom: 0px !important;}&#8220;]<\/p>\n<p style=\"text-align: center;\">1 Doppelzimmer und 2 Einzelzimmer<\/p>\n<p>[\/vc_column_text][\/vc_column_inner][\/vc_row_inner][vc_empty_space height=&#8220;30px&#8220;][vc_column_text css=&#8220;.vc_custom_1719828365272{padding-top: 10px !important;padding-right: 10px !important;padding-bottom: 10px !important;padding-left: 10px !important;background-color: #f9f9f9 !important;}&#8220;]<\/p>\n<p style=\"text-align: center;\"><strong>Ausstattung<\/strong><\/p>\n<ul>\n<li>WiFi<\/li>\n<li>Privates Bad mit Haartrockner<\/li>\n<li>Klimaanlage<\/li>\n<li>Smart Tv<\/li>\n<li>Minibar<\/li>\n<li>Minisafe<\/li>\n<li>Aussen Raum<\/li>\n<\/ul>\n<p>[\/vc_column_text][\/vc_column][vc_column width=&#8220;2\/3&#8243;][vc_images_carousel images=&#8220;3262,3258,3266,3270,3274&#8243; img_size=&#8220;750&#215;500&#8243; onclick=&#8220;link_no&#8220; autoplay=&#8220;yes&#8220; hide_pagination_control=&#8220;yes&#8220;][\/vc_column][\/vc_row][vc_row][vc_column][vc_separator][\/vc_column][\/vc_row][vc_row][vc_column][vc_column_text]<\/p>\n<h3>Familienzimmer<\/h3>\n<p>Die Familienzimmer befinden Sich entlang des Aussenzugangs zum Restaurant. Ausgestattet mit einem grossen Raum oder 2 R\u00e4umen mit Verbindungst\u00fcr sowie privatem Bad sind Diese besonders geeignet f\u00fcr Familien oder Gruppen von Freunden. Einige Zimmer verf\u00fcgen zudem \u00fcber eine kleine Hochebene mit 2 zus\u00e4tzlichen Betten. Die m\u00f6blierte Aussenterrasse mit Blick auf den Golfo Stella laden zur Entspannung ein.[\/vc_column_text][\/vc_column][\/vc_row][vc_row][vc_column width=&#8220;1\/3&#8243;][vc_row_inner css=&#8220;.vc_custom_1579531308990{padding-bottom: 10px !important;}&#8220;][vc_column_inner width=&#8220;1\/2&#8243;][vc_icon icon_fontawesome=&#8220;fas fa-users&#8220; align=&#8220;center&#8220; css=&#8220;.vc_custom_1579531000507{margin-bottom: 0px !important;}&#8220;][vc_column_text css=&#8220;.vc_custom_1579589024816{margin-bottom: 0px !important;}&#8220;]<\/p>\n<p style=\"text-align: center;\">6 pax<\/p>\n<p>[\/vc_column_text][\/vc_column_inner][vc_column_inner width=&#8220;1\/2&#8243;][vc_icon icon_fontawesome=&#8220;fas fa-bed&#8220; align=&#8220;center&#8220; css=&#8220;.vc_custom_1579531004891{margin-bottom: 0px !important;}&#8220;][vc_column_text css=&#8220;.vc_custom_1584605366751{margin-bottom: 0px !important;}&#8220;]<\/p>\n<p style=\"text-align: center;\">2 Doppelbett oder 4 Einzelbetten plus 2 Zustellbetten optional<\/p>\n<p>[\/vc_column_text][\/vc_column_inner][\/vc_row_inner][vc_empty_space height=&#8220;30px&#8220;][vc_column_text css=&#8220;.vc_custom_1719828373631{padding-top: 10px !important;padding-right: 10px !important;padding-bottom: 10px !important;padding-left: 10px !important;background-color: #f9f9f9 !important;}&#8220;]<\/p>\n<p style=\"text-align: center;\"><strong>Ausstattung<\/strong><\/p>\n<ul>\n<li>WiFi<\/li>\n<li>Privates Bad mit Haartrockner<\/li>\n<li>Klimaanlage<\/li>\n<li>Smart Tv<\/li>\n<li>Minibar<\/li>\n<li>Minisafe<\/li>\n<li>Aussen Raum<\/li>\n<\/ul>\n<p>[\/vc_column_text][\/vc_column][vc_column width=&#8220;2\/3&#8243;][vc_images_carousel images=&#8220;3320,3324,3308,3312,3316,3332,3328,3336&#8243; img_size=&#8220;750&#215;500&#8243; onclick=&#8220;link_no&#8220; autoplay=&#8220;yes&#8220; hide_pagination_control=&#8220;yes&#8220; css=&#8220;&#8220;][\/vc_column][\/vc_row][vc_row][vc_column][vc_separator][\/vc_column][\/vc_row][vc_row][vc_column][vc_column_text]<\/p>\n<h3>Einzelzimmer<\/h3>\n<p>[\/vc_column_text][\/vc_column][\/vc_row][vc_row][vc_column width=&#8220;1\/3&#8243;][vc_row_inner css=&#8220;.vc_custom_1579531308990{padding-bottom: 10px !important;}&#8220;][vc_column_inner width=&#8220;1\/2&#8243;][vc_icon icon_fontawesome=&#8220;fas fa-users&#8220; align=&#8220;center&#8220; css=&#8220;.vc_custom_1579531000507{margin-bottom: 0px !important;}&#8220;][vc_column_text css=&#8220;.vc_custom_1579589233726{margin-bottom: 0px !important;}&#8220;]<\/p>\n<p style=\"text-align: center;\">1 pax<\/p>\n<p>[\/vc_column_text][\/vc_column_inner][vc_column_inner width=&#8220;1\/2&#8243;][vc_icon icon_fontawesome=&#8220;fas fa-bed&#8220; align=&#8220;center&#8220; css=&#8220;.vc_custom_1579531004891{margin-bottom: 0px !important;}&#8220;][vc_column_text css=&#8220;.vc_custom_1584605460007{margin-bottom: 0px !important;}&#8220;]<\/p>\n<p style=\"text-align: center;\">1 Einzelbett<\/p>\n<p>[\/vc_column_text][\/vc_column_inner][\/vc_row_inner][vc_empty_space height=&#8220;30px&#8220;][vc_column_text css=&#8220;.vc_custom_1719828387926{padding-top: 10px !important;padding-right: 10px !important;padding-bottom: 10px !important;padding-left: 10px !important;background-color: #f9f9f9 !important;}&#8220;]<\/p>\n<p style=\"text-align: center;\"><strong>Ausstattung<\/strong><\/p>\n<ul>\n<li>WiFi<\/li>\n<li>Privates Bad mit Haartrockner<\/li>\n<li>Klimaanlage<\/li>\n<li>Smart Tv<\/li>\n<li>Minibar<\/li>\n<li>Minisafe<\/li>\n<li>Aussen Raum<\/li>\n<\/ul>\n<p>[\/vc_column_text][\/vc_column][vc_column width=&#8220;2\/3&#8243;][vc_images_carousel images=&#8220;3284,3288,3292,3296,2351&#8243; img_size=&#8220;750&#215;500&#8243; onclick=&#8220;link_no&#8220; autoplay=&#8220;yes&#8220; hide_pagination_control=&#8220;yes&#8220;][\/vc_column][\/vc_row][vc_row full_width=&#8220;stretch_row_content_no_spaces&#8220; css=&#8220;.vc_custom_1580817411123{padding-top: 30px !important;padding-bottom: 10px !important;background-color: #388251 !important;}&#8220; el_class=&#8220;banner-richiesta&#8220;][vc_column][vc_column_text]<\/p>\n<p style=\"text-align: center;\"><strong>Suchst Du nach Infos oder m\u00f6chtest Du einen Urlaub in unserem Hotel buchen?\u00a0<\/strong> <a class=\"button\" href=\"\/de\/kontakte\/\">Sende eine Anfrage<\/a><\/p>\n<p>[\/vc_column_text][\/vc_column][\/vc_row]<\/p>\n<\/div>","protected":false},"excerpt":{"rendered":"<p>[vc_row full_width=&#8220;stretch_row_content_no_spaces&#8220;][vc_column][vc_single_image image=&#8220;3579&#8243; img_size=&#8220;full&#8220; alignment=&#8220;center&#8220;][\/vc_column][\/vc_row][vc_row][vc_column][vc_widget_sidebar sidebar_id=&#8220;zante_default_sidebar&#8220;][\/vc_column][\/vc_row][vc_row full_width=&#8220;stretch_row&#8220; css=&#8220;.vc_custom_1592812771020{padding-top: 20px !important;}&#8220;][vc_column][vc_column_text css=&#8220;.vc_custom_1719828473622{margin-top: -30px !important;}&#8220;]Alle Zimmer besitzen privates Badezimmer, Haartrockner, Smart Tv, kleiner K\u00fchlschrank (die F\u00fcllung erfolgt nur auf Wunsch des Gastes), Klimaanlage und kostenloses WLAN. Die Zimmer der Typologie Superior\/Classic (Doppel- oder Dreibett Zimmer) sind ger\u00e4umiger und befinden sich im Zentralbau des Hotels, die Standard Zimmer [&hellip;]<\/p>\n","protected":false},"author":1,"featured_media":0,"parent":0,"menu_order":0,"comment_status":"closed","ping_status":"closed","template":"","meta":{"footnotes":""},"class_list":["post-2843","page","type-page","status-publish","hentry"],"_links":{"self":[{"href":"https:\/\/www.hotelcapodistella.it\/de\/wp-json\/wp\/v2\/pages\/2843","targetHints":{"allow":["GET"]}}],"collection":[{"href":"https:\/\/www.hotelcapodistella.it\/de\/wp-json\/wp\/v2\/pages"}],"about":[{"href":"https:\/\/www.hotelcapodistella.it\/de\/wp-json\/wp\/v2\/types\/page"}],"author":[{"embeddable":true,"href":"https:\/\/www.hotelcapodistella.it\/de\/wp-json\/wp\/v2\/users\/1"}],"replies":[{"embeddable":true,"href":"https:\/\/www.hotelcapodistella.it\/de\/wp-json\/wp\/v2\/comments?post=2843"}],"version-history":[{"count":5,"href":"https:\/\/www.hotelcapodistella.it\/de\/wp-json\/wp\/v2\/pages\/2843\/revisions"}],"predecessor-version":[{"id":4396,"href":"https:\/\/www.hotelcapodistella.it\/de\/wp-json\/wp\/v2\/pages\/2843\/revisions\/4396"}],"wp:attachment":[{"href":"https:\/\/www.hotelcapodistella.it\/de\/wp-json\/wp\/v2\/media?parent=2843"}],"curies":[{"name":"wp","href":"https:\/\/api.w.org\/{rel}","templated":true}]}}