{"id":2830,"date":"2018-02-18T10:21:53","date_gmt":"2018-02-18T09:21:53","guid":{"rendered":"http:\/\/www.hotelcapodistella.it\/home\/"},"modified":"2026-01-15T10:33:12","modified_gmt":"2026-01-15T09:33:12","slug":"home","status":"publish","type":"page","link":"https:\/\/www.hotelcapodistella.it\/fr\/","title":{"rendered":"Home"},"content":{"rendered":"<div class=\"wpb-content-wrapper\"><p>[vc_row full_width=\u00a0\u00bbstretch_row\u00a0\u00bb][vc_column][rev_slider_vc alias=\u00a0\u00bbclassicslider-1-1&Prime;][\/vc_column][\/vc_row][vc_row css=\u00a0\u00bb.vc_custom_1666959738433{margin-top: 30px !important;}\u00a0\u00bb][vc_column][vc_widget_sidebar sidebar_id=\u00a0\u00bbzante_default_sidebar\u00a0\u00bb][\/vc_column][\/vc_row][vc_row full_width=\u00a0\u00bbstretch_row\u00a0\u00bb css=\u00a0\u00bb.vc_custom_1585245417525{padding-top: 0px !important;padding-bottom: 0px !important;}\u00a0\u00bb][vc_column]\t\t\t<div\r\n\t\t\t\tclass=\"main_title  text-center  \">\r\n\t\t\t\t<h2 class=\"title\">BIENVENUE A L&#039;H\u00d4TEL CAPO DI STELLA<\/h2>\r\n\t\t\t\t\t\t\t\t\t<p class=\"main_description\">H\u00f4tels 3 \u00e9toiles sur l\u2019\u00eele d\u2019Elbe avec service de demi-pension<\/p>\r\n\t\t\t\t\t\t\t<\/div>\r\n\t\t[vc_column_text]<\/p>\n<p style=\"text-align: center;\"><strong><em>&#8230;un plaisir pour les yeux et pour le coeur&#8230;<\/em><\/strong><\/p>\n<p>Voil\u00e0 ce que ressent celui qui admire le superbe panorama depuis le promontoire de Capo di Stella, une mince bande de terre, verte et parfum\u00e9e, entour\u00e9e par deux des plus belles plages de l\u2019Ile d\u2019Elbe.<\/p>\n<p>L\u2019H\u00f4tel Capo di Stella s\u2019int\u00e8gre harmonieusement dans ce territoire c\u00f4tier, prot\u00e9g\u00e9 par le Parc Naturel de l\u2019Archipel Toscan; il se situe \u00e0 Lacona, une localit\u00e9 du sud de l\u2019Elbe, on y arrive en empruntant une route blanche bord\u00e9e de pins maritimes et d\u2019eucalyptus.<\/p>\n<p>Les passionn\u00e9s de marche ou de VTT trouveront diff\u00e9rents sentiers au d\u00e9part de l\u2019h\u00f4tel qui permettent de d\u00e9couvrir le promontoire de Capo di Stella, sa nature, ses couleurs et ses parfums qui changent selon la saison.<\/p>\n<p>La Nature a donn\u00e9 \u00e0 notre h\u00f4tel une position unique, nous saurons rendre votre s\u00e9jour \u00e0 l\u2019Elbe inoubliable gr\u00e2ce au sens de l\u2019accueil, \u00e0 la gentillesse et la disponibilit\u00e9 de notre personnel.<\/p>\n<p>[\/vc_column_text][\/vc_column][\/vc_row][vc_row full_width=\u00a0\u00bbstretch_row\u00a0\u00bb css=\u00a0\u00bb.vc_custom_1585245457057{border-top-width: 1px !important;padding-top: 50px !important;padding-bottom: 20px !important;background-color: #f1f0ed !important;border-top-color: #ebeae9 !important;border-top-style: solid !important;}\u00a0\u00bb][vc_column]\t\t\t<div\r\n\t\t\t\tclass=\"main_title  text-center  \">\r\n\t\t\t\t<h2 class=\"title\">LES PLAGES<\/h2>\r\n\t\t\t\t\t\t\t\t\t<p class=\"main_description\">L\u2019H\u00f4tel est entour\u00e9 de deux magnifiques plages: Lacona e Margidore<\/p>\r\n\t\t\t\t\t\t\t<\/div>\r\n\t\t[\/vc_column][\/vc_row][vc_row full_width=\u00a0\u00bbstretch_row_content_no_spaces\u00a0\u00bb gap=\u00a0\u00bb35&Prime; equal_height=\u00a0\u00bbyes\u00a0\u00bb css=\u00a0\u00bb.vc_custom_1585245488316{margin-bottom: 0px !important;}\u00a0\u00bb][vc_column width=\u00a0\u00bb1\/2&Prime; css=\u00a0\u00bb.vc_custom_1579181944798{background-position: center !important;background-repeat: no-repeat !important;background-size: cover !important;}\u00a0\u00bb][vc_column_text css=\u00a0\u00bb.vc_custom_1666960903383{margin-bottom: 0px !important;padding-top: 2% !important;padding-right: 5% !important;padding-bottom: 2% !important;padding-left: 5% !important;}\u00a0\u00bb]<\/p>\n<h3 style=\"text-align: center;\">Plage de Lacona<\/h3>\n<p>La plage de Lacona est la plus grande de l\u2019Ile d\u2019Elbe; c\u2019est une plage de sable, o\u00f9 sont pr\u00e9sents de nombreux services, bars et restaurants, magasins, boulangeries, pizzeria et vendeurs de glaces.[\/vc_column_text][vc_single_image image=\u00a0\u00bb2626&Prime; img_size=\u00a0\u00bblarge\u00a0\u00bb alignment=\u00a0\u00bbcenter\u00a0\u00bb style=\u00a0\u00bbvc_box_shadow_border\u00a0\u00bb][\/vc_column][vc_column width=\u00a0\u00bb1\/2&Prime; css=\u00a0\u00bb.vc_custom_1579181740167{background-position: center !important;background-repeat: no-repeat !important;background-size: cover !important;}\u00a0\u00bb][vc_column_text css=\u00a0\u00bb.vc_custom_1666960915543{margin-bottom: 0px !important;padding-top: 2% !important;padding-right: 5% !important;padding-bottom: 2% !important;padding-left: 5% !important;}\u00a0\u00bb]<\/p>\n<h3 style=\"text-align: center;\">Plage de Margidore<\/h3>\n<p>La plage de Margidore est quant \u00e0 elle situ\u00e9e au sein d\u2019un petit golfe; c\u2019est une plage de galets noirs, tr\u00e8s tranquille, avec des portions de plage \u00e0 acc\u00e8s libre et d\u2019autres avec stations baln\u00e9aires priv\u00e9es.[\/vc_column_text][vc_single_image image=\u00a0\u00bb3195&Prime; img_size=\u00a0\u00bblarge\u00a0\u00bb alignment=\u00a0\u00bbcenter\u00a0\u00bb style=\u00a0\u00bbvc_box_shadow_border\u00a0\u00bb][\/vc_column][\/vc_row][vc_row css=\u00a0\u00bb.vc_custom_1585245500668{padding-top: 20px !important;padding-bottom: 0px !important;}\u00a0\u00bb][vc_column]\t\t\t<div\r\n\t\t\t\tclass=\"main_title  text-center  \">\r\n\t\t\t\t<h2 class=\"title\">LES CHAMBRES<\/h2>\r\n\t\t\t\t\t\t\t\t\t<p class=\"main_description\">Spacieuses, avec de grandes salles de bain et une terrasse vue sur la mer<\/p>\r\n\t\t\t\t\t\t\t<\/div>\r\n\t\t[vc_column_text]Nos chambres donnent sur le golfe Stella, elles sont \u00e0 la fois spacieuses et accueillantes, dot\u00e9es de grandes salles de bain et de terrasses avec vue sur la mer. Elle sont toutes \u00e9quip\u00e9es d\u2019une t\u00e9l\u00e9, du wifi et sont climatis\u00e9es.<\/p>\n<p>Les chambres familiales ont la taille d\u2019un appartement, avec en plus un petit espace externe \u00e9quip\u00e9 de chaises et d\u2019un parasol donnant sur le golfe. Elles sont compos\u00e9es de plusieurs chambres, s\u00e9par\u00e9es entre elles.[\/vc_column_text][\/vc_column][\/vc_row][vc_row equal_height=\u00a0\u00bbyes\u00a0\u00bb css=\u00a0\u00bb.vc_custom_1707389533322{padding-bottom: 50px !important;}\u00a0\u00bb][vc_column][vc_media_grid grid_id=\u00a0\u00bbvc_gid:1768469458692-3a97a8f9-4f3b-10&Prime; include=\u00a0\u00bb3319,3261,3225,3283,3241,2734&Prime;]\r\n        \r\n        <style>\r\n\t\t\t\t#btn-container-HQE1n {\r\n\t\t\t\t\tfont-size: 16px;\r\n\t\t\t\t\tfont-weight: bold;\r\n\t\t\t\t}\r\n        #btn-HQE1n {\r\n        \tbackground: #388251;\r\n\t\t\t\t\tborder-style: solid;\r\n        \tborder-color: #388251;\r\n\t\t\t\t\tborder-width: 1px;\r\n        \tcolor: #ffffff;\r\n\t\t\t\t\tpadding: 20px 20px;\r\n\t\t\t\t\tborder-radius: 2px;\r\n\t\t\t\t\tfont-size: 16px;\r\n\t\t\t\t\tline-height: 16px;\r\n\t\t\t\t\t\t\t\t\t\t\t\t\t\t\tfont-weight: bold;\r\n        }\r\n\r\n\t\t\t\t#btn-HQE1n:hover {\r\n\t\t\t\t\tbackground: #388251;\r\n\t\t\t\t\tborder-color: #388251;\r\n\t\t\t\t\tcolor: #ffffff;\r\n\t\t\t\t\t\t\t\t\t\t\t\t\t\t\t\r\n\t\t\t\t}\r\n\r\n\t\t    #btn-HQE1n i {\r\n\t\t\t\t\tright: 14px;\r\n\t\t\t\t\tmargin-top: 0;\r\n\t\t\t\t\tvertical-align: middle;\r\n\t\t\t\t\tborder-radius: 50%;\r\n\t\t\t\t\tline-height: 20px;\r\n\t\t\t\t\theight: 20px;\r\n\t\t\t\t\twidth: 20px;\r\n\t\t\t\t\tbackground: #1dc1f8;\r\n\t\t\t\t\tmargin-left: 8px;\r\n\t\t\t\t\tmargin-right: 0;\r\n\t\t\t\t\tcolor: #ffffff;\r\n\t\t\t\t\tfont-size: 8px;\r\n\t\t\t\t\ttext-align: center;\r\n\t\t\t\t}\r\n\r\n\t\t\t\t #btn-HQE1n:hover i {\r\n\t\t\t\t \tbackground: #ffffff;\r\n\t\t\t\t\tcolor: #1dc1f8;\r\n\t\t\t\t }\r\n\r\n        <\/style>\r\n\r\n\t\t<!-- BUTTON -->\r\n        <div id=\"btn-container-HQE1n\" class=\"text-center\">\r\n\t\t\t\r\n\t\t\t\t\t<a href=\"\/fr\/chambres\/\" id=\"btn-HQE1n\" class=\"btn \" target=\"_self\">\r\n\t\t\t\t\t\tNos Chambres\t\t\t\t\t\t\t\t\t\t\t<\/a>\r\n\t\t\t\t\t        <\/div>\r\n\r\n        [\/vc_column][\/vc_row][vc_row][vc_column][vc_column_text]<div class=\"leaflet-map WPLeafletMap\" style=\"height:500px; width:100%;\"><\/div><script>\nwindow.WPLeafletMapPlugin = window.WPLeafletMapPlugin || [];\nwindow.WPLeafletMapPlugin.push(function WPLeafletMapShortcode() {\/*<script>*\/\nvar baseUrl = atob('aHR0cHM6Ly90aWxlLm9wZW5zdHJlZXRtYXAub3JnL3t6fS97eH0ve3l9LnBuZw==');\nvar base = (!baseUrl && window.MQ) ?\n    window.MQ.mapLayer() : L.tileLayer(baseUrl,\n        L.Util.extend({}, {\n            detectRetina: 0,\n        },\n        {\"subdomains\":\"abc\",\"noWrap\":false,\"maxZoom\":19}        )\n    );\n    var options = L.Util.extend({}, {\n        layers: [base],\n        attributionControl: false\n    },\n    {\"zoomControl\":true,\"scrollWheelZoom\":false,\"doubleClickZoom\":false,\"fitBounds\":false,\"minZoom\":0,\"maxZoom\":19,\"maxBounds\":null,\"attribution\":\"<a href=\\\"http:\\\/\\\/leafletjs.com\\\" title=\\\"Une biblioth\\u00e8que JS pour des cartes interactives\\\">Leaflet<\\\/a>; \\u00a9 <a href=\\\"http:\\\/\\\/www.openstreetmap.org\\\/copyright\\\">OpenStreetMap<\\\/a> contributeurs\\\/contributrices\"},\n    {});\nwindow.WPLeafletMapPlugin.createMap(options).setView([42.757726,10.317192],12);});<\/script><\/p>\n<p><script>\nwindow.WPLeafletMapPlugin = window.WPLeafletMapPlugin || [];\nwindow.WPLeafletMapPlugin.push(function WPLeafletMarkerShortcode() {\/*<script>*\/\nvar map = window.WPLeafletMapPlugin.getCurrentMap();\nvar group = window.WPLeafletMapPlugin.getCurrentGroup();\nvar marker_options = window.WPLeafletMapPlugin.getIconOptions({});\nvar marker = L.marker(\n    [0,0],\n    marker_options\n);\nvar is_image = map.is_image_map;\n    marker.setLatLng( map.getCenter() );\nif (marker_options.draggable) {\n    marker.on('dragend', function () {\n        var latlng = this.getLatLng();\n        var lat = latlng.lat;\n        var lng = latlng.lng;\n        if (is_image) {\n            console.log('leaflet-marker y=' + lat + ' x=' + lng);\n        } else {\n            console.log('leaflet-marker lat=' + lat + ' lng=' + lng);\n        }\n    });\n}\nmarker.addTo( group );\nwindow.WPLeafletMapPlugin.markers.push( marker );\n        });<\/script>[\/vc_column_text][\/vc_column][\/vc_row][vc_row full_width=\u00a0\u00bbstretch_row_content_no_spaces\u00a0\u00bb css=\u00a0\u00bb.vc_custom_1715948049996{margin-bottom: 30px !important;padding-top: 30px !important;padding-bottom: 10px !important;background-color: #388251 !important;}\u00a0\u00bb el_class=\u00a0\u00bbbanner-richiesta\u00a0\u00bb][vc_column][vc_column_text]<\/p>\n<p style=\"text-align: center;\"><strong>Vous souhaitez des informations suppl\u00e9mentaires ou faire une r\u00e9servation dans notre h\u00f4tel? \u00a0<\/strong> <a class=\"button\" href=\"https:\/\/www.hotelcapodistella.it\/fr\/contacts\/\">Veuillez transmettre votre demande<\/a><\/p>\n<p>[\/vc_column_text][\/vc_column][\/vc_row][vc_row][vc_column][vc_column_text css=\u00a0\u00bb\u00a0\u00bb]<\/p>\n<h5 class=\"p1\" style=\"text-align: center;\"><strong>\u00c0 partir de Octobre<\/strong> et jusqu\u2019\u00e0 la fermeture de l\u2019h\u00f4tel, le <strong>restaurant Capo di Stella restera ferm\u00e9.<\/strong><\/h5>\n<p>[\/vc_column_text][vc_single_image image=\u00a0\u00bb4247&Prime; img_size=\u00a0\u00bbfull\u00a0\u00bb alignment=\u00a0\u00bbcenter\u00a0\u00bb onclick=\u00a0\u00bbcustom_link\u00a0\u00bb link=\u00a0\u00bb\/fr\/restaurant\/\u00a0\u00bb][\/vc_column][\/vc_row]<\/p>\n<\/div>","protected":false},"excerpt":{"rendered":"<p>[vc_row full_width=\u00a0\u00bbstretch_row\u00a0\u00bb][vc_column][rev_slider_vc alias=\u00a0\u00bbclassicslider-1-1&Prime;][\/vc_column][\/vc_row][vc_row css=\u00a0\u00bb.vc_custom_1666959738433{margin-top: 30px !important;}\u00a0\u00bb][vc_column][vc_widget_sidebar sidebar_id=\u00a0\u00bbzante_default_sidebar\u00a0\u00bb][\/vc_column][\/vc_row][vc_row full_width=\u00a0\u00bbstretch_row\u00a0\u00bb css=\u00a0\u00bb.vc_custom_1585245417525{padding-top: 0px !important;padding-bottom: 0px !important;}\u00a0\u00bb][vc_column][vc_column_text] &#8230;un plaisir pour les yeux et pour le coeur&#8230; Voil\u00e0 ce que ressent celui qui admire le superbe panorama depuis le promontoire de Capo di Stella, une mince bande de terre, verte et parfum\u00e9e, entour\u00e9e par deux des plus belles plages de [&hellip;]<\/p>\n","protected":false},"author":1,"featured_media":0,"parent":0,"menu_order":0,"comment_status":"closed","ping_status":"closed","template":"","meta":{"footnotes":""},"class_list":["post-2830","page","type-page","status-publish","hentry"],"_links":{"self":[{"href":"https:\/\/www.hotelcapodistella.it\/fr\/wp-json\/wp\/v2\/pages\/2830","targetHints":{"allow":["GET"]}}],"collection":[{"href":"https:\/\/www.hotelcapodistella.it\/fr\/wp-json\/wp\/v2\/pages"}],"about":[{"href":"https:\/\/www.hotelcapodistella.it\/fr\/wp-json\/wp\/v2\/types\/page"}],"author":[{"embeddable":true,"href":"https:\/\/www.hotelcapodistella.it\/fr\/wp-json\/wp\/v2\/users\/1"}],"replies":[{"embeddable":true,"href":"https:\/\/www.hotelcapodistella.it\/fr\/wp-json\/wp\/v2\/comments?post=2830"}],"version-history":[{"count":5,"href":"https:\/\/www.hotelcapodistella.it\/fr\/wp-json\/wp\/v2\/pages\/2830\/revisions"}],"predecessor-version":[{"id":4506,"href":"https:\/\/www.hotelcapodistella.it\/fr\/wp-json\/wp\/v2\/pages\/2830\/revisions\/4506"}],"wp:attachment":[{"href":"https:\/\/www.hotelcapodistella.it\/fr\/wp-json\/wp\/v2\/media?parent=2830"}],"curies":[{"name":"wp","href":"https:\/\/api.w.org\/{rel}","templated":true}]}}